{"id":9,"date":"2016-03-01T23:33:19","date_gmt":"2016-03-01T22:33:19","guid":{"rendered":"http:\/\/theme-fusion.com\/avada\/?page_id=9"},"modified":"2017-03-10T18:44:55","modified_gmt":"2017-03-10T17:44:55","slug":"blog","status":"publish","type":"page","link":"https:\/\/solecentrodeimagen.com\/en\/blog\/","title":{"rendered":"Blog"},"content":{"rendered":"<div class=\"fusion-fullwidth fullwidth-box fusion-builder-row-1 hundred-percent-fullwidth non-hundred-percent-height-scrolling\" style=\"--awb-border-radius-top-left:0px;--awb-border-radius-top-right:0px;--awb-border-radius-bottom-right:0px;--awb-border-radius-bottom-left:0px;--awb-overflow:visible;--awb-flex-wrap:wrap;\" ><div class=\"fusion-builder-row fusion-row\"><div class=\"fusion-layout-column fusion_builder_column fusion-builder-column-0 fusion_builder_column_1_1 1_1 fusion-one-full fusion-column-first fusion-column-last fusion-column-no-min-height\" style=\"--awb-bg-size:cover;--awb-margin-bottom:0px;\"><div class=\"fusion-column-wrapper fusion-flex-column-wrapper-legacy\"><div class=\"fusion-blog-shortcode fusion-blog-shortcode-1 fusion-blog-archive fusion-blog-layout-medium fusion-blog-no\"><div class=\"fusion-posts-container fusion-posts-container-no fusion-blog-rollover\" data-pages=\"2\"><article id=\"blog-1-post-18201\" class=\"fusion-post-medium post-18201 post type-post status-publish format-standard has-post-thumbnail hentry category-nutricion tag-juice tag-nutricion\">\n\t<style type=\"text\/css\">\n\t\t\n\t\t\n\t\t\n\t\t\n\t\t\t<\/style>\n\n\n\t\t\t<div class=\"fusion-flexslider flexslider fusion-flexslider-loading fusion-post-slideshow\" style=\"\">\n\t\t<ul class=\"slides\">\n\t\t\t\n\t\t\t\t\t\t\t\t\t\t\t\t\t\t<li><div  class=\"fusion-image-wrapper fusion-image-size-fixed\" aria-haspopup=\"true\">\n\t\t\t\t<img decoding=\"async\" width=\"320\" height=\"202\" src=\"https:\/\/solecentrodeimagen.com\/wp-content\/uploads\/2016\/08\/banner2-320x202.png\" class=\"attachment-blog-medium size-blog-medium wp-post-image\" alt=\"\" srcset=\"https:\/\/solecentrodeimagen.com\/wp-content\/uploads\/2016\/08\/banner2-320x202.png 320w, https:\/\/solecentrodeimagen.com\/wp-content\/uploads\/2016\/08\/banner2-700x441.png 700w\" sizes=\"(max-width: 320px) 100vw, 320px\" \/><div class=\"fusion-rollover\">\n\t<div class=\"fusion-rollover-content\">\n\n\t\t\t\t\t\t\t\t\t\t\t\t\t\t<a class=\"fusion-rollover-link\" href=\"https:\/\/solecentrodeimagen.com\/en\/juice-plus\/\">Juice Plus+ La mejor aproximaci\u00f3n a las frutas y verduras<\/a>\n\t\t\t\n\t\t\t\t\t\t\t\t\t\t\t\t\t\t\n\t\t\t\t\t\t\t\t\n\t\t\t\t\t\t\t\t\t\t\t\t\t<div class=\"fusion-rollover-sep\"><\/div>\n\t\t\t\t\n\t\t\t\t\t\t\t\t\t\t\t\t\t\t\t\t\t\t<a class=\"fusion-rollover-gallery\" href=\"https:\/\/solecentrodeimagen.com\/wp-content\/uploads\/2016\/08\/banner2.png\" data-id=\"18201\" data-rel=\"iLightbox[gallery]\" data-title=\"banner2\" data-caption=\"\">\n\t\t\t\t\t\tGallery\t\t\t\t\t<\/a>\n\t\t\t\t\t\t\t\t\t\t\t\t\t\t\n\t\t\n\t\t\t\t\t\t\t\t\t\t\t\t<h4 class=\"fusion-rollover-title\">\n\t\t\t\t\t<a class=\"fusion-rollover-title-link\" href=\"https:\/\/solecentrodeimagen.com\/en\/juice-plus\/\">\n\t\t\t\t\t\tJuice Plus+ La mejor aproximaci\u00f3n a las frutas y verduras\t\t\t\t\t<\/a>\n\t\t\t\t<\/h4>\n\t\t\t\n\t\t\t\t\t\t\t\t\t\t<div class=\"fusion-rollover-categories\"><a href=\"https:\/\/solecentrodeimagen.com\/en\/nutricion\/\" rel=\"tag\">Nutricion<\/a><\/div>\t\t\t\t\t\n\t\t\n\t\t\t\t\t\t<a class=\"fusion-link-wrapper\" href=\"https:\/\/solecentrodeimagen.com\/en\/juice-plus\/\" aria-label=\"Juice Plus+ La mejor aproximaci\u00f3n a las frutas y verduras\"><\/a>\n\t<\/div>\n<\/div>\n<\/div>\n<\/li>\n\t\t\t\n\t\t\t\n\t\t\t\t\t\t\t\t\t\t\t\n\t\t\t\t\t\n\t\t\t\t\t\t\t\t\t\t\t<li>\n\t\t\t\t\t\t\t<div class=\"fusion-image-wrapper\">\n\t\t\t\t\t\t\t\t<a href=\"https:\/\/solecentrodeimagen.com\/en\/juice-plus\/\" aria-label=\"Juice Plus+ La mejor aproximaci\u00f3n a las frutas y verduras\">\n\t\t\t\t\t\t\t\t\t<img decoding=\"async\" width=\"320\" height=\"202\" src=\"https:\/\/solecentrodeimagen.com\/wp-content\/uploads\/2016\/08\/banner1-320x202.png\" alt=\"\" class=\"wp-image-18369\" role=\"presentation\" srcset=\"https:\/\/solecentrodeimagen.com\/wp-content\/uploads\/2016\/08\/banner1-320x202.png 320w, https:\/\/solecentrodeimagen.com\/wp-content\/uploads\/2016\/08\/banner1-700x441.png 700w\" sizes=\"(max-width: 320px) 100vw, 320px\" \/>\t\t\t\t\t\t\t\t<\/a>\n\t\t\t\t\t\t\t\t<a style=\"display:none;\" href=\"https:\/\/solecentrodeimagen.com\/wp-content\/uploads\/2016\/08\/banner1.png\" data-rel=\"iLightbox[gallery18201]\"  title=\"\" data-title=\"banner1\" data-caption=\"\">\n\t\t\t\t\t\t\t\t\t\t\t\t\t\t\t\t\t<\/a>\n\t\t\t\t\t\t\t<\/div>\n\t\t\t\t\t\t<\/li>\n\t\t\t\t\t\t\t\t\t\t\t\t\t\t\t\t\t\t\t\t\t\t\t\t\n\t\t\t\t\t\n\t\t\t\t\t\t\t\t\t\t\t<li>\n\t\t\t\t\t\t\t<div class=\"fusion-image-wrapper\">\n\t\t\t\t\t\t\t\t<a href=\"https:\/\/solecentrodeimagen.com\/en\/juice-plus\/\" aria-label=\"Juice Plus+ La mejor aproximaci\u00f3n a las frutas y verduras\">\n\t\t\t\t\t\t\t\t\t<img decoding=\"async\" width=\"320\" height=\"202\" src=\"https:\/\/solecentrodeimagen.com\/wp-content\/uploads\/2016\/08\/banner3-320x202.png\" alt=\"\" class=\"wp-image-18371\" role=\"presentation\" srcset=\"https:\/\/solecentrodeimagen.com\/wp-content\/uploads\/2016\/08\/banner3-320x202.png 320w, https:\/\/solecentrodeimagen.com\/wp-content\/uploads\/2016\/08\/banner3-700x441.png 700w\" sizes=\"(max-width: 320px) 100vw, 320px\" \/>\t\t\t\t\t\t\t\t<\/a>\n\t\t\t\t\t\t\t\t<a style=\"display:none;\" href=\"https:\/\/solecentrodeimagen.com\/wp-content\/uploads\/2016\/08\/banner3.png\" data-rel=\"iLightbox[gallery18201]\"  title=\"\" data-title=\"banner3\" data-caption=\"\">\n\t\t\t\t\t\t\t\t\t\t\t\t\t\t\t\t\t<\/a>\n\t\t\t\t\t\t\t<\/div>\n\t\t\t\t\t\t<\/li>\n\t\t\t\t\t\t\t\t\t\t\t\t\t\t\t\t\t\t\t\t\t\t\t\t\t\t\t\t\t\t\t\t\t\t\t\t\t\t\t\t\t\t\t\t\t\t\t\t\t\t\t<\/ul>\n\t<\/div>\n\t<div class=\"fusion-post-content post-content\"><h2 class=\"blog-shortcode-post-title entry-title\"><a href=\"https:\/\/solecentrodeimagen.com\/en\/juice-plus\/\">Juice Plus+ La mejor aproximaci\u00f3n a las frutas y verduras<\/a><\/h2><div class=\"fusion-post-content-container\"><p>   \u00bfQu\u00e9 es Juice Plus+? Es un micronizado .... Para sentirse realmente bien, tu cuerpo necesita una variedad de valiosos nutrientes. Por eso se hace necesaria una dieta equilibrada que nos haga sentir [...]<\/p><\/div><\/div><div class=\"fusion-clearfix\"><\/div><div class=\"fusion-meta-info\"><div class=\"fusion-alignleft\">By <span class=\"vcard\"><span class=\"fn\"><a href=\"https:\/\/solecentrodeimagen.com\/en\/author\/sole_centro\/\" title=\"Posts by SOLE CENTRO DE IMAGEN INTEGRAL\" rel=\"author\">SOLE CENTRO DE IMAGEN INTEGRAL<\/a><\/span><\/span><span class=\"fusion-inline-sep\">|<\/span><span class=\"updated\" style=\"display:none;\">2017-04-12T11:23:48+02:00<\/span><span>August 11th, 2016<\/span><span class=\"fusion-inline-sep\">|<\/span><a href=\"https:\/\/solecentrodeimagen.com\/en\/nutricion\/\" rel=\"category tag\">Nutricion<\/a><span class=\"fusion-inline-sep\">|<\/span><span class=\"fusion-comments\"><a href=\"https:\/\/solecentrodeimagen.com\/en\/juice-plus\/#respond\">0 Comments<\/a><\/span><\/div><div class=\"fusion-alignright\"><a class=\"fusion-read-more\" href=\"https:\/\/solecentrodeimagen.com\/en\/juice-plus\/\" aria-label=\"More on Juice Plus+ La mejor aproximaci\u00f3n a las frutas y verduras\">Read More<\/a><\/div><\/div><\/article>\n<article id=\"blog-1-post-16747\" class=\"fusion-post-medium post-16747 post type-post status-publish format-standard has-post-thumbnail hentry category-sorteos\">\n\t<style type=\"text\/css\">\n\t\t\n\t\t\n\t\t\n\t\t\n\t\t\t<\/style>\n\n\n\t\t\t<div class=\"fusion-flexslider flexslider fusion-flexslider-loading fusion-post-slideshow\" style=\"\">\n\t\t<ul class=\"slides\">\n\t\t\t\n\t\t\t\t\t\t\t\t\t\t\t\t\t\t<li><div  class=\"fusion-image-wrapper fusion-image-size-fixed\" aria-haspopup=\"true\">\n\t\t\t\t<img decoding=\"async\" width=\"222\" height=\"142\" src=\"https:\/\/solecentrodeimagen.com\/wp-content\/uploads\/2016\/05\/3599221.jpg\" class=\"attachment-blog-medium size-blog-medium wp-post-image\" alt=\"\" srcset=\"https:\/\/solecentrodeimagen.com\/wp-content\/uploads\/2016\/05\/3599221-200x128.jpg 200w, https:\/\/solecentrodeimagen.com\/wp-content\/uploads\/2016\/05\/3599221.jpg 222w\" sizes=\"(max-width: 222px) 100vw, 222px\" \/><div class=\"fusion-rollover\">\n\t<div class=\"fusion-rollover-content\">\n\n\t\t\t\t\t\t\t\t\t\t\t\t\t\t<a class=\"fusion-rollover-link\" href=\"https:\/\/solecentrodeimagen.com\/en\/ya-tenemos-ganadora-del-2o-sorteo-realizado-en-nuestro-centro\/\">Ya tenemos ganadora del 2\u00ba sorteo realizado en nuestro centro<\/a>\n\t\t\t\n\t\t\t\t\t\t\t\t\t\t\t\t\t\t\n\t\t\t\t\t\t\t\t\n\t\t\t\t\t\t\t\t\t\t\t\t\t<div class=\"fusion-rollover-sep\"><\/div>\n\t\t\t\t\n\t\t\t\t\t\t\t\t\t\t\t\t\t\t\t\t\t\t<a class=\"fusion-rollover-gallery\" href=\"https:\/\/solecentrodeimagen.com\/wp-content\/uploads\/2016\/05\/3599221.jpg\" data-id=\"16747\" data-rel=\"iLightbox[gallery]\" data-title=\"3599221\" data-caption=\"\">\n\t\t\t\t\t\tGallery\t\t\t\t\t<\/a>\n\t\t\t\t\t\t\t\t\t\t\t\t\t\t\n\t\t\n\t\t\t\t\t\t\t\t\t\t\t\t<h4 class=\"fusion-rollover-title\">\n\t\t\t\t\t<a class=\"fusion-rollover-title-link\" href=\"https:\/\/solecentrodeimagen.com\/en\/ya-tenemos-ganadora-del-2o-sorteo-realizado-en-nuestro-centro\/\">\n\t\t\t\t\t\tYa tenemos ganadora del 2\u00ba sorteo realizado en nuestro centro\t\t\t\t\t<\/a>\n\t\t\t\t<\/h4>\n\t\t\t\n\t\t\t\t\t\t\t\t\t\t<div class=\"fusion-rollover-categories\"><a href=\"https:\/\/solecentrodeimagen.com\/en\/sorteos\/\" rel=\"tag\">sorteos<\/a><\/div>\t\t\t\t\t\n\t\t\n\t\t\t\t\t\t<a class=\"fusion-link-wrapper\" href=\"https:\/\/solecentrodeimagen.com\/en\/ya-tenemos-ganadora-del-2o-sorteo-realizado-en-nuestro-centro\/\" aria-label=\"Ya tenemos ganadora del 2\u00ba sorteo realizado en nuestro centro\"><\/a>\n\t<\/div>\n<\/div>\n<\/div>\n<\/li>\n\t\t\t\n\t\t\t\n\t\t\t\t\t\t\t\t\t\t\t\t\t\t\t\t\t\t\t\t\t\t\t\t\t\t\t\t\t\t\t\t\t\t\t\t\t\t\t\t\t\t\t\t\t\t\t\t\t\t\t\t\t\t\t\t\t\t\t\t\t\t\t\t\t\t\t\t<\/ul>\n\t<\/div>\n\t<div class=\"fusion-post-content post-content\"><h2 class=\"blog-shortcode-post-title entry-title\"><a href=\"https:\/\/solecentrodeimagen.com\/en\/ya-tenemos-ganadora-del-2o-sorteo-realizado-en-nuestro-centro\/\">Ya tenemos ganadora del 2\u00ba sorteo realizado en nuestro centro<\/a><\/h2><div class=\"fusion-post-content-container\"><p>Ayer jueves 5 \u00a0de Abril termin\u00f3 el plazo para participar en el sorteo de Sole Centro de Imagen. Ya tenemos al ganador del sorteo del 2\u00ba\u00a0cepillo alisador el\u00e9ctrico sorteado. Y\u00a0finalmente el ganador por sorteo de [...]<\/p><\/div><\/div><div class=\"fusion-clearfix\"><\/div><div class=\"fusion-meta-info\"><div class=\"fusion-alignleft\">By <span class=\"vcard\"><span class=\"fn\"><a href=\"https:\/\/solecentrodeimagen.com\/en\/author\/sole_centro\/\" title=\"Posts by SOLE CENTRO DE IMAGEN INTEGRAL\" rel=\"author\">SOLE CENTRO DE IMAGEN INTEGRAL<\/a><\/span><\/span><span class=\"fusion-inline-sep\">|<\/span><span class=\"updated\" style=\"display:none;\">2017-04-02T12:40:45+02:00<\/span><span>May 6th, 2016<\/span><span class=\"fusion-inline-sep\">|<\/span><a href=\"https:\/\/solecentrodeimagen.com\/en\/sorteos\/\" rel=\"category tag\">sorteos<\/a><span class=\"fusion-inline-sep\">|<\/span><span class=\"fusion-comments\"><a href=\"https:\/\/solecentrodeimagen.com\/en\/ya-tenemos-ganadora-del-2o-sorteo-realizado-en-nuestro-centro\/#respond\">0 Comments<\/a><\/span><\/div><div class=\"fusion-alignright\"><a class=\"fusion-read-more\" href=\"https:\/\/solecentrodeimagen.com\/en\/ya-tenemos-ganadora-del-2o-sorteo-realizado-en-nuestro-centro\/\" aria-label=\"More on Ya tenemos ganadora del 2\u00ba sorteo realizado en nuestro centro\">Read More<\/a><\/div><\/div><\/article>\n<article id=\"blog-1-post-16695\" class=\"fusion-post-medium post-16695 post type-post status-publish format-image has-post-thumbnail hentry category-novedades post_format-post-format-image\">\n\t<style type=\"text\/css\">\n\t\t\n\t\t\n\t\t\n\t\t\n\t\t\t<\/style>\n\n\n\t\t\t<div class=\"fusion-flexslider flexslider fusion-flexslider-loading fusion-post-slideshow\" style=\"\">\n\t\t<ul class=\"slides\">\n\t\t\t\n\t\t\t\t\t\t\t\t\t\t\t\t\t\t<li><div  class=\"fusion-image-wrapper fusion-image-size-fixed\" aria-haspopup=\"true\">\n\t\t\t\t<img decoding=\"async\" width=\"320\" height=\"202\" src=\"https:\/\/solecentrodeimagen.com\/wp-content\/uploads\/2016\/04\/13062048_1712587498998883_3191566632649425870_n-320x202.jpg\" class=\"attachment-blog-medium size-blog-medium wp-post-image\" alt=\"mesoterapia facial\" \/><div class=\"fusion-rollover\">\n\t<div class=\"fusion-rollover-content\">\n\n\t\t\t\t\t\t\t\t\t\t\t\t\t\t<a class=\"fusion-rollover-link\" href=\"https:\/\/solecentrodeimagen.com\/en\/mesoterapia-facial-de-colageno-y-vitaminas\/\">Mesoterapia Facial de Col\u00e1geno y Vitaminas<\/a>\n\t\t\t\n\t\t\t\t\t\t\t\t\t\t\t\t\t\t\n\t\t\t\t\t\t\t\t\n\t\t\t\t\t\t\t\t\t\t\t\t\t<div class=\"fusion-rollover-sep\"><\/div>\n\t\t\t\t\n\t\t\t\t\t\t\t\t\t\t\t\t\t\t\t\t\t\t<a class=\"fusion-rollover-gallery\" href=\"https:\/\/solecentrodeimagen.com\/wp-content\/uploads\/2016\/04\/13062048_1712587498998883_3191566632649425870_n.jpg\" data-id=\"16695\" data-rel=\"iLightbox[gallery]\" data-title=\"Mesoterapia Facial de Col\u00e1geno y Vitaminas\" data-caption=\"\">\n\t\t\t\t\t\tGallery\t\t\t\t\t<\/a>\n\t\t\t\t\t\t\t\t\t\t\t\t\t\t\n\t\t\n\t\t\t\t\t\t\t\t\t\t\t\t<h4 class=\"fusion-rollover-title\">\n\t\t\t\t\t<a class=\"fusion-rollover-title-link\" href=\"https:\/\/solecentrodeimagen.com\/en\/mesoterapia-facial-de-colageno-y-vitaminas\/\">\n\t\t\t\t\t\tMesoterapia Facial de Col\u00e1geno y Vitaminas\t\t\t\t\t<\/a>\n\t\t\t\t<\/h4>\n\t\t\t\n\t\t\t\t\t\t\t\t\t\t<div class=\"fusion-rollover-categories\"><a href=\"https:\/\/solecentrodeimagen.com\/en\/novedades\/\" rel=\"tag\">Novedades<\/a><\/div>\t\t\t\t\t\n\t\t\n\t\t\t\t\t\t<a class=\"fusion-link-wrapper\" href=\"https:\/\/solecentrodeimagen.com\/en\/mesoterapia-facial-de-colageno-y-vitaminas\/\" aria-label=\"Mesoterapia Facial de Col\u00e1geno y Vitaminas\"><\/a>\n\t<\/div>\n<\/div>\n<\/div>\n<\/li>\n\t\t\t\n\t\t\t\n\t\t\t\t\t\t\t\t\t\t\t\t\t\t\t\t\t\t\t\t\t\t\t\t\t\t\t\t\t\t\t\t\t\t\t\t\t\t\t\t\t\t\t\t\t\t\t\t\t\t\t\t\t\t\t\t\t\t\t\t\t\t\t\t\t\t\t\t<\/ul>\n\t<\/div>\n\t<div class=\"fusion-post-content post-content\"><h2 class=\"blog-shortcode-post-title entry-title\"><a href=\"https:\/\/solecentrodeimagen.com\/en\/mesoterapia-facial-de-colageno-y-vitaminas\/\">Mesoterapia Facial de Col\u00e1geno y Vitaminas<\/a><\/h2><div class=\"fusion-post-content-container\"><p>Llega a nuestro centro la mesoterepia facialde col\u00e1geno y vitaminas, un nuevo tratamiento sst\u00e9tico Bioestimulante para combatir el envejecimiento facial y las imperfecciones corporales. Usando un dispositivo de micropunci\u00f3n realizamos una mesoterapia a trav\u00e9s de [...]<\/p><\/div><\/div><div class=\"fusion-clearfix\"><\/div><div class=\"fusion-meta-info\"><div class=\"fusion-alignleft\">By <span class=\"vcard\"><span class=\"fn\"><a href=\"https:\/\/solecentrodeimagen.com\/en\/author\/sole_centro\/\" title=\"Posts by SOLE CENTRO DE IMAGEN INTEGRAL\" rel=\"author\">SOLE CENTRO DE IMAGEN INTEGRAL<\/a><\/span><\/span><span class=\"fusion-inline-sep\">|<\/span><span class=\"updated\" style=\"display:none;\">2017-03-10T18:45:00+01:00<\/span><span>April 28th, 2016<\/span><span class=\"fusion-inline-sep\">|<\/span><a href=\"https:\/\/solecentrodeimagen.com\/en\/novedades\/\" rel=\"category tag\">Novedades<\/a><span class=\"fusion-inline-sep\">|<\/span><span class=\"fusion-comments\"><a href=\"https:\/\/solecentrodeimagen.com\/en\/mesoterapia-facial-de-colageno-y-vitaminas\/#respond\">0 Comments<\/a><\/span><\/div><div class=\"fusion-alignright\"><a class=\"fusion-read-more\" href=\"https:\/\/solecentrodeimagen.com\/en\/mesoterapia-facial-de-colageno-y-vitaminas\/\" aria-label=\"More on Mesoterapia Facial de Col\u00e1geno y Vitaminas\">Read More<\/a><\/div><\/div><\/article>\n<article id=\"blog-1-post-16688\" class=\"fusion-post-medium post-16688 post type-post status-publish format-standard has-post-thumbnail hentry category-promociones tag-sorteo\">\n\t<style type=\"text\/css\">\n\t\t\n\t\t\n\t\t\n\t\t\n\t\t\t<\/style>\n\n\n\t\t\t<div class=\"fusion-flexslider flexslider fusion-flexslider-loading fusion-post-slideshow\" style=\"\">\n\t\t<ul class=\"slides\">\n\t\t\t\n\t\t\t\t\t\t\t\t\t\t\t\t\t\t<li><div  class=\"fusion-image-wrapper fusion-image-size-fixed\" aria-haspopup=\"true\">\n\t\t\t\t<img decoding=\"async\" width=\"320\" height=\"202\" src=\"https:\/\/solecentrodeimagen.com\/wp-content\/uploads\/2016\/04\/Captura11-320x202.jpg\" class=\"attachment-blog-medium size-blog-medium wp-post-image\" alt=\"\" \/><div class=\"fusion-rollover\">\n\t<div class=\"fusion-rollover-content\">\n\n\t\t\t\t\t\t\t\t\t\t\t\t\t\t<a class=\"fusion-rollover-link\" href=\"https:\/\/solecentrodeimagen.com\/en\/ganador-del-sorteo-del-cepillo-alisador-electrico\/\">Ganador del sorteo del cepillo alisador el\u00e9ctrico<\/a>\n\t\t\t\n\t\t\t\t\t\t\t\t\t\t\t\t\t\t\n\t\t\t\t\t\t\t\t\n\t\t\t\t\t\t\t\t\t\t\t\t\t<div class=\"fusion-rollover-sep\"><\/div>\n\t\t\t\t\n\t\t\t\t\t\t\t\t\t\t\t\t\t\t\t\t\t\t<a class=\"fusion-rollover-gallery\" href=\"https:\/\/solecentrodeimagen.com\/wp-content\/uploads\/2016\/04\/Captura11.jpg\" data-id=\"16688\" data-rel=\"iLightbox[gallery]\" data-title=\"Captura11\" data-caption=\"\">\n\t\t\t\t\t\tGallery\t\t\t\t\t<\/a>\n\t\t\t\t\t\t\t\t\t\t\t\t\t\t\n\t\t\n\t\t\t\t\t\t\t\t\t\t\t\t<h4 class=\"fusion-rollover-title\">\n\t\t\t\t\t<a class=\"fusion-rollover-title-link\" href=\"https:\/\/solecentrodeimagen.com\/en\/ganador-del-sorteo-del-cepillo-alisador-electrico\/\">\n\t\t\t\t\t\tGanador del sorteo del cepillo alisador el\u00e9ctrico\t\t\t\t\t<\/a>\n\t\t\t\t<\/h4>\n\t\t\t\n\t\t\t\t\t\t\t\t\t\t<div class=\"fusion-rollover-categories\"><a href=\"https:\/\/solecentrodeimagen.com\/en\/promociones\/\" rel=\"tag\">Promociones<\/a><\/div>\t\t\t\t\t\n\t\t\n\t\t\t\t\t\t<a class=\"fusion-link-wrapper\" href=\"https:\/\/solecentrodeimagen.com\/en\/ganador-del-sorteo-del-cepillo-alisador-electrico\/\" aria-label=\"Ganador del sorteo del cepillo alisador el\u00e9ctrico\"><\/a>\n\t<\/div>\n<\/div>\n<\/div>\n<\/li>\n\t\t\t\n\t\t\t\n\t\t\t\t\t\t\t\t\t\t\t\t\t\t\t\t\t\t\t\t\t\t\t\t\t\t\t\t\t\t\t\t\t\t\t\t\t\t\t\t\t\t\t\t\t\t\t\t\t\t\t\t\t\t\t\t\t\t\t\t\t\t\t\t\t\t\t\t<\/ul>\n\t<\/div>\n\t<div class=\"fusion-post-content post-content\"><h2 class=\"blog-shortcode-post-title entry-title\"><a href=\"https:\/\/solecentrodeimagen.com\/en\/ganador-del-sorteo-del-cepillo-alisador-electrico\/\">Ganador del sorteo del cepillo alisador el\u00e9ctrico<\/a><\/h2><div class=\"fusion-post-content-container\"><p> El s\u00e1bado 23 \u00a0de Abril termin\u00f3 el plazo para participar en el sorteo de Sole Centro de Imagen. Ya tenemos al ganador del sorteo del cepillo alisador el\u00e9ctrico. \u00a0Hemos recibido 479 likes\u00a0\u00a0y finalmente el [...]<\/p><\/div><\/div><div class=\"fusion-clearfix\"><\/div><div class=\"fusion-meta-info\"><div class=\"fusion-alignleft\">By <span class=\"vcard\"><span class=\"fn\"><a href=\"https:\/\/solecentrodeimagen.com\/en\/author\/sole_centro\/\" title=\"Posts by SOLE CENTRO DE IMAGEN INTEGRAL\" rel=\"author\">SOLE CENTRO DE IMAGEN INTEGRAL<\/a><\/span><\/span><span class=\"fusion-inline-sep\">|<\/span><span class=\"updated\" style=\"display:none;\">2017-04-02T12:41:51+02:00<\/span><span>April 26th, 2016<\/span><span class=\"fusion-inline-sep\">|<\/span><a href=\"https:\/\/solecentrodeimagen.com\/en\/promociones\/\" rel=\"category tag\">Promociones<\/a><span class=\"fusion-inline-sep\">|<\/span><span class=\"fusion-comments\"><a href=\"https:\/\/solecentrodeimagen.com\/en\/ganador-del-sorteo-del-cepillo-alisador-electrico\/#respond\">0 Comments<\/a><\/span><\/div><div class=\"fusion-alignright\"><a class=\"fusion-read-more\" href=\"https:\/\/solecentrodeimagen.com\/en\/ganador-del-sorteo-del-cepillo-alisador-electrico\/\" aria-label=\"More on Ganador del sorteo del cepillo alisador el\u00e9ctrico\">Read More<\/a><\/div><\/div><\/article>\n<article id=\"blog-1-post-16670\" class=\"fusion-post-medium post-16670 post type-post status-publish format-image has-post-thumbnail hentry category-novedades category-ofertas category-promociones tag-diadelamadre tag-perfumes post_format-post-format-image\">\n\t<style type=\"text\/css\">\n\t\t\n\t\t\n\t\t\n\t\t\n\t\t\t<\/style>\n\n\n\t\t\t<div class=\"fusion-flexslider flexslider fusion-flexslider-loading fusion-post-slideshow\" style=\"\">\n\t\t<ul class=\"slides\">\n\t\t\t\n\t\t\t\t\t\t\t\t\t\t\t\t\t\t<li><div  class=\"fusion-image-wrapper fusion-image-size-fixed\" aria-haspopup=\"true\">\n\t\t\t\t<img decoding=\"async\" width=\"320\" height=\"202\" src=\"https:\/\/solecentrodeimagen.com\/wp-content\/uploads\/2016\/04\/Captura33-320x202.jpg\" class=\"attachment-blog-medium size-blog-medium wp-post-image\" alt=\"\" \/><div class=\"fusion-rollover\">\n\t<div class=\"fusion-rollover-content\">\n\n\t\t\t\t\t\t\t\t\t\t\t\t\t\t<a class=\"fusion-rollover-link\" href=\"https:\/\/solecentrodeimagen.com\/en\/perfumes-para-el-dia-de-la-madre\/\">Perfumes para el d\u00eda de la madre<\/a>\n\t\t\t\n\t\t\t\t\t\t\t\t\t\t\t\t\t\t\n\t\t\t\t\t\t\t\t\n\t\t\t\t\t\t\t\t\t\t\t\t\t<div class=\"fusion-rollover-sep\"><\/div>\n\t\t\t\t\n\t\t\t\t\t\t\t\t\t\t\t\t\t\t\t\t\t\t<a class=\"fusion-rollover-gallery\" href=\"https:\/\/solecentrodeimagen.com\/wp-content\/uploads\/2016\/04\/Captura33.jpg\" data-id=\"16670\" data-rel=\"iLightbox[gallery]\" data-title=\"Captura33\" data-caption=\"\">\n\t\t\t\t\t\tGallery\t\t\t\t\t<\/a>\n\t\t\t\t\t\t\t\t\t\t\t\t\t\t\n\t\t\n\t\t\t\t\t\t\t\t\t\t\t\t<h4 class=\"fusion-rollover-title\">\n\t\t\t\t\t<a class=\"fusion-rollover-title-link\" href=\"https:\/\/solecentrodeimagen.com\/en\/perfumes-para-el-dia-de-la-madre\/\">\n\t\t\t\t\t\tPerfumes para el d\u00eda de la madre\t\t\t\t\t<\/a>\n\t\t\t\t<\/h4>\n\t\t\t\n\t\t\t\t\t\t\t\t\t\t<div class=\"fusion-rollover-categories\"><a href=\"https:\/\/solecentrodeimagen.com\/en\/novedades\/\" rel=\"tag\">Novedades<\/a>, <a href=\"https:\/\/solecentrodeimagen.com\/en\/ofertas\/\" rel=\"tag\">Ofertas<\/a>, <a href=\"https:\/\/solecentrodeimagen.com\/en\/promociones\/\" rel=\"tag\">Promociones<\/a><\/div>\t\t\t\t\t\n\t\t\n\t\t\t\t\t\t<a class=\"fusion-link-wrapper\" href=\"https:\/\/solecentrodeimagen.com\/en\/perfumes-para-el-dia-de-la-madre\/\" aria-label=\"Perfumes para el d\u00eda de la madre\"><\/a>\n\t<\/div>\n<\/div>\n<\/div>\n<\/li>\n\t\t\t\n\t\t\t\n\t\t\t\t\t\t\t\t\t\t\t\t\t\t\t\t\t\t\t\t\t\t\t\t\t\t\t\t\t\t\t\t\t\t\t\t\t\t\t\t\t\t\t\t\t\t\t\t\t\t\t\t\t\t\t\t\t\t\t\t\t\t\t\t\t\t\t\t<\/ul>\n\t<\/div>\n\t<div class=\"fusion-post-content post-content\"><h2 class=\"blog-shortcode-post-title entry-title\"><a href=\"https:\/\/solecentrodeimagen.com\/en\/perfumes-para-el-dia-de-la-madre\/\">Perfumes para el d\u00eda de la madre<\/a><\/h2><div class=\"fusion-post-content-container\"><p>\u00bfYa has elegido el regalo para mam\u00e1? Un perfume, el regalo cl\u00e1sico por excelencia, es una buena opci\u00f3n para regalar. Pero, \u00bfqu\u00e9 perfume puede ser realmente especial para mam\u00e1? Este d\u00eda de la madre regala [...]<\/p><\/div><\/div><div class=\"fusion-clearfix\"><\/div><div class=\"fusion-meta-info\"><div class=\"fusion-alignleft\">By <span class=\"vcard\"><span class=\"fn\"><a href=\"https:\/\/solecentrodeimagen.com\/en\/author\/sole_centro\/\" title=\"Posts by SOLE CENTRO DE IMAGEN INTEGRAL\" rel=\"author\">SOLE CENTRO DE IMAGEN INTEGRAL<\/a><\/span><\/span><span class=\"fusion-inline-sep\">|<\/span><span class=\"updated\" style=\"display:none;\">2017-03-10T18:45:00+01:00<\/span><span>April 15th, 2016<\/span><span class=\"fusion-inline-sep\">|<\/span><a href=\"https:\/\/solecentrodeimagen.com\/en\/novedades\/\" rel=\"category tag\">Novedades<\/a>, <a href=\"https:\/\/solecentrodeimagen.com\/en\/ofertas\/\" rel=\"category tag\">Ofertas<\/a>, <a href=\"https:\/\/solecentrodeimagen.com\/en\/promociones\/\" rel=\"category tag\">Promociones<\/a><span class=\"fusion-inline-sep\">|<\/span><span class=\"fusion-comments\"><a href=\"https:\/\/solecentrodeimagen.com\/en\/perfumes-para-el-dia-de-la-madre\/#respond\">0 Comments<\/a><\/span><\/div><div class=\"fusion-alignright\"><a class=\"fusion-read-more\" href=\"https:\/\/solecentrodeimagen.com\/en\/perfumes-para-el-dia-de-la-madre\/\" aria-label=\"More on Perfumes para el d\u00eda de la madre\">Read More<\/a><\/div><\/div><\/article>\n<article id=\"blog-1-post-16650\" class=\"fusion-post-medium post-16650 post type-post status-publish format-image has-post-thumbnail hentry category-novedades tag-bautizos tag-comuniones post_format-post-format-image\">\n\t<style type=\"text\/css\">\n\t\t\n\t\t\n\t\t\n\t\t\n\t\t\t<\/style>\n\n\n\t\t\t<div class=\"fusion-flexslider flexslider fusion-flexslider-loading fusion-post-slideshow\" style=\"\">\n\t\t<ul class=\"slides\">\n\t\t\t\n\t\t\t\t\t\t\t\t\t\t\t\t\t\t<li><div  class=\"fusion-image-wrapper fusion-image-size-fixed\" aria-haspopup=\"true\">\n\t\t\t\t<img decoding=\"async\" width=\"320\" height=\"202\" src=\"https:\/\/solecentrodeimagen.com\/wp-content\/uploads\/2016\/04\/12928365_1038821099525922_5602393912220741718_n-320x202.jpg\" class=\"attachment-blog-medium size-blog-medium wp-post-image\" alt=\"\" \/><div class=\"fusion-rollover\">\n\t<div class=\"fusion-rollover-content\">\n\n\t\t\t\t\t\t\t\t\t\t\t\t\t\t<a class=\"fusion-rollover-link\" href=\"https:\/\/solecentrodeimagen.com\/en\/domingos-de-comunion-en-sole-centro-de-imagen\/\">Domingos de comuni\u00f3n en Sole Centro de Imagen Integral<\/a>\n\t\t\t\n\t\t\t\t\t\t\t\t\t\t\t\t\t\t\n\t\t\t\t\t\t\t\t\n\t\t\t\t\t\t\t\t\t\t\t\t\t<div class=\"fusion-rollover-sep\"><\/div>\n\t\t\t\t\n\t\t\t\t\t\t\t\t\t\t\t\t\t\t\t\t\t\t<a class=\"fusion-rollover-gallery\" href=\"https:\/\/solecentrodeimagen.com\/wp-content\/uploads\/2016\/04\/12928365_1038821099525922_5602393912220741718_n.jpg\" data-id=\"16650\" data-rel=\"iLightbox[gallery]\" data-title=\"12928365_1038821099525922_5602393912220741718_n\" data-caption=\"\">\n\t\t\t\t\t\tGallery\t\t\t\t\t<\/a>\n\t\t\t\t\t\t\t\t\t\t\t\t\t\t\n\t\t\n\t\t\t\t\t\t\t\t\t\t\t\t<h4 class=\"fusion-rollover-title\">\n\t\t\t\t\t<a class=\"fusion-rollover-title-link\" href=\"https:\/\/solecentrodeimagen.com\/en\/domingos-de-comunion-en-sole-centro-de-imagen\/\">\n\t\t\t\t\t\tDomingos de comuni\u00f3n en Sole Centro de Imagen Integral\t\t\t\t\t<\/a>\n\t\t\t\t<\/h4>\n\t\t\t\n\t\t\t\t\t\t\t\t\t\t<div class=\"fusion-rollover-categories\"><a href=\"https:\/\/solecentrodeimagen.com\/en\/novedades\/\" rel=\"tag\">Novedades<\/a><\/div>\t\t\t\t\t\n\t\t\n\t\t\t\t\t\t<a class=\"fusion-link-wrapper\" href=\"https:\/\/solecentrodeimagen.com\/en\/domingos-de-comunion-en-sole-centro-de-imagen\/\" aria-label=\"Domingos de comuni\u00f3n en Sole Centro de Imagen Integral\"><\/a>\n\t<\/div>\n<\/div>\n<\/div>\n<\/li>\n\t\t\t\n\t\t\t\n\t\t\t\t\t\t\t\t\t\t\t\t\t\t\t\t\t\t\t\t\t\t\t\t\t\t\t\t\t\t\t\t\t\t\t\t\t\t\t\t\t\t\t\t\t\t\t\t\t\t\t\t\t\t\t\t\t\t\t\t\t\t\t\t\t\t\t\t<\/ul>\n\t<\/div>\n\t<div class=\"fusion-post-content post-content\"><h2 class=\"blog-shortcode-post-title entry-title\"><a href=\"https:\/\/solecentrodeimagen.com\/en\/domingos-de-comunion-en-sole-centro-de-imagen\/\">Domingos de comuni\u00f3n en Sole Centro de Imagen Integral<\/a><\/h2><div class=\"fusion-post-content-container\"><p> \u00bfTienes alguna comuni\u00f3n este mes de Abril ?\u00a0Ahora Sole Centro de Imagen Integral abre los Domingos para que puedas ir guap@ a tu evento. Cons\u00faltanos ! <\/p><\/div><\/div><div class=\"fusion-clearfix\"><\/div><div class=\"fusion-meta-info\"><div class=\"fusion-alignleft\">By <span class=\"vcard\"><span class=\"fn\"><a href=\"https:\/\/solecentrodeimagen.com\/en\/author\/sole_centro\/\" title=\"Posts by SOLE CENTRO DE IMAGEN INTEGRAL\" rel=\"author\">SOLE CENTRO DE IMAGEN INTEGRAL<\/a><\/span><\/span><span class=\"fusion-inline-sep\">|<\/span><span class=\"updated\" style=\"display:none;\">2016-04-14T16:41:17+02:00<\/span><span>April 9th, 2016<\/span><span class=\"fusion-inline-sep\">|<\/span><a href=\"https:\/\/solecentrodeimagen.com\/en\/novedades\/\" rel=\"category tag\">Novedades<\/a><span class=\"fusion-inline-sep\">|<\/span><span class=\"fusion-comments\"><a href=\"https:\/\/solecentrodeimagen.com\/en\/domingos-de-comunion-en-sole-centro-de-imagen\/#respond\">0 Comments<\/a><\/span><\/div><div class=\"fusion-alignright\"><a class=\"fusion-read-more\" href=\"https:\/\/solecentrodeimagen.com\/en\/domingos-de-comunion-en-sole-centro-de-imagen\/\" aria-label=\"More on Domingos de comuni\u00f3n en Sole Centro de Imagen Integral\">Read More<\/a><\/div><\/div><\/article>\n<\/div><\/div><div class=\"fusion-clearfix\"><\/div><\/div><\/div><div class=\"fusion-layout-column fusion_builder_column fusion-builder-column-1 fusion_builder_column_1_1 1_1 fusion-one-full fusion-column-first fusion-column-last fusion-column-no-min-height\" style=\"--awb-bg-size:cover;--awb-margin-bottom:0px;\"><div class=\"fusion-column-wrapper fusion-flex-column-wrapper-legacy\"><div class=\"fusion-sharing-box fusion-sharing-box-1 has-taglines layout-floated layout-medium-floated layout-small-floated\" style=\"background-color:#f7f7f7;--awb-layout:row;--awb-alignment-small:space-between;\" data-title=\"Domingos de comuni\u00f3n en Sole Centro de Imagen Integral\" data-description=\"\u00bfTienes alguna comuni\u00f3n este mes de Abril ?\u00a0Ahora Sole Centro de Imagen Integral abre los Domingos para que puedas ir guap@ a tu evento. Cons\u00faltanos !\" data-link=\"https:\/\/solecentrodeimagen.com\/en\/domingos-de-comunion-en-sole-centro-de-imagen\/\"><h4 class=\"tagline\" style=\"color:#333333;\">\u00bfTe ha gustado la p\u00e1gina? Comp\u00e1rtela en tus redes sociales<\/h4><div class=\"fusion-social-networks sharingbox-shortcode-icon-wrapper sharingbox-shortcode-icon-wrapper-1\"><span><a href=\"https:\/\/www.facebook.com\/sharer.php?u=https%3A%2F%2Fsolecentrodeimagen.com%2Fen%2Fdomingos-de-comunion-en-sole-centro-de-imagen%2F&amp;t=Domingos%20de%20comuni%C3%B3n%20en%20Sole%20Centro%20de%20Imagen%20Integral\" target=\"_blank\" rel=\"noreferrer nofollow\" title=\"Facebook\" aria-label=\"Facebook\" data-placement=\"top\" data-toggle=\"tooltip\" data-title=\"Facebook\"><i class=\"fusion-social-network-icon fusion-tooltip fusion-facebook awb-icon-facebook\" style=\"color:#000000;\" aria-hidden=\"true\"><\/i><\/a><\/span><span><a href=\"https:\/\/x.com\/share?text=Domingos%20de%20comuni%C3%B3n%20en%20Sole%20Centro%20de%20Imagen%20Integral&amp;url=https%3A%2F%2Fsolecentrodeimagen.com%2Fen%2Fdomingos-de-comunion-en-sole-centro-de-imagen%2F\" target=\"_blank\" rel=\"noopener noreferrer nofollow\" title=\"X\" aria-label=\"X\" data-placement=\"top\" data-toggle=\"tooltip\" data-title=\"X\"><i class=\"fusion-social-network-icon fusion-tooltip fusion-twitter awb-icon-twitter\" style=\"color:#000000;\" aria-hidden=\"true\"><\/i><\/a><\/span><span><a href=\"mailto:?subject=Domingos%20de%20comuni%C3%B3n%20en%20Sole%20Centro%20de%20Imagen%20Integral&amp;body=https%3A%2F%2Fsolecentrodeimagen.com%2Fen%2Fdomingos-de-comunion-en-sole-centro-de-imagen%2F\" target=\"_self\" rel=\"nofollow\" title=\"Email\" aria-label=\"Email\" data-placement=\"top\" data-toggle=\"tooltip\" data-title=\"Email\"><i class=\"fusion-social-network-icon fusion-tooltip fusion-mail awb-icon-mail\" style=\"color:#000000;\" aria-hidden=\"true\"><\/i><\/a><\/span><\/div><\/div>\n<div class=\"fusion-clearfix\"><\/div><\/div><\/div><\/div><\/div>\n","protected":false},"excerpt":{"rendered":"","protected":false},"author":13,"featured_media":0,"parent":0,"menu_order":0,"comment_status":"closed","ping_status":"closed","template":"","meta":{"footnotes":""},"class_list":["post-9","page","type-page","status-publish","hentry"],"translation":{"provider":"WPGlobus","version":"3.0.0","language":"en","enabled_languages":["es","en","fr"],"languages":{"es":{"title":true,"content":true,"excerpt":false},"en":{"title":false,"content":false,"excerpt":false},"fr":{"title":false,"content":false,"excerpt":false}}},"yoast_head":"<!-- This site is optimized with the Yoast SEO plugin v23.5 - https:\/\/yoast.com\/wordpress\/plugins\/seo\/ -->\n<title>Blog | Sole Centro de Imagen<\/title>\n<meta name=\"robots\" content=\"index, follow, max-snippet:-1, max-image-preview:large, max-video-preview:-1\" \/>\n<link rel=\"canonical\" href=\"https:\/\/solecentrodeimagen.com\/en\/blog\/\" \/>\n<meta property=\"og:locale\" content=\"en_US\" \/>\n<meta property=\"og:type\" content=\"article\" \/>\n<meta property=\"og:title\" content=\"Blog | Sole Centro de Imagen\" \/>\n<meta property=\"og:url\" content=\"https:\/\/solecentrodeimagen.com\/en\/blog\/\" \/>\n<meta property=\"og:site_name\" content=\"Sole Centro de Imagen\" \/>\n<meta property=\"article:publisher\" content=\"http:\/\/www.facebook.com\/solecentrodeimagen\" \/>\n<meta property=\"article:modified_time\" content=\"2017-03-10T17:44:55+00:00\" \/>\n<meta property=\"og:image\" content=\"https:\/\/solecentrodeimagen.com\/wp-content\/uploads\/2016\/06\/logo-solecentromedico.png\" \/>\n\t<meta property=\"og:image:width\" content=\"281\" \/>\n\t<meta property=\"og:image:height\" content=\"96\" \/>\n\t<meta property=\"og:image:type\" content=\"image\/png\" \/>\n<meta name=\"twitter:card\" content=\"summary_large_image\" \/>\n<meta name=\"twitter:label1\" content=\"Est. reading time\" \/>\n\t<meta name=\"twitter:data1\" content=\"1 minute\" \/>\n<script type=\"application\/ld+json\" class=\"yoast-schema-graph\">{\"@context\":\"https:\/\/schema.org\",\"@graph\":[{\"@type\":\"WebPage\",\"@id\":\"https:\/\/solecentrodeimagen.com\/en\/blog\/\",\"url\":\"https:\/\/solecentrodeimagen.com\/en\/blog\/\",\"name\":\"Blog | Sole Centro de Imagen\",\"isPartOf\":{\"@id\":\"https:\/\/solecentrodeimagen.com\/#website\"},\"datePublished\":\"2016-03-01T22:33:19+00:00\",\"dateModified\":\"2017-03-10T17:44:55+00:00\",\"description\":\"En nuestro blog te mostraremos toda la actualidad de nuestro, los mejores consejos de belleza y las \u00faltimas tendencias en looks de esta temporada\",\"breadcrumb\":{\"@id\":\"https:\/\/solecentrodeimagen.com\/en\/blog\/#breadcrumb\"},\"inLanguage\":\"en-US\",\"potentialAction\":[{\"@type\":\"ReadAction\",\"target\":[\"https:\/\/solecentrodeimagen.com\/en\/blog\/\"]}]},{\"@type\":\"BreadcrumbList\",\"@id\":\"https:\/\/solecentrodeimagen.com\/en\/blog\/#breadcrumb\",\"itemListElement\":[{\"@type\":\"ListItem\",\"position\":1,\"name\":\"Home\",\"item\":\"https:\/\/solecentrodeimagen.com\/\"},{\"@type\":\"ListItem\",\"position\":2,\"name\":\"Blog\"}]},{\"@type\":\"WebSite\",\"@id\":\"https:\/\/solecentrodeimagen.com\/#website\",\"url\":\"https:\/\/solecentrodeimagen.com\/\",\"name\":\"Sole Centro de Imagen\",\"description\":\"Centro Medicina Est\u00e9tica, Dermatolog\u00eda y Est\u00e9tica avanzada\",\"publisher\":{\"@id\":\"https:\/\/solecentrodeimagen.com\/#organization\"},\"potentialAction\":[{\"@type\":\"SearchAction\",\"target\":{\"@type\":\"EntryPoint\",\"urlTemplate\":\"https:\/\/solecentrodeimagen.com\/?s={search_term_string}\"},\"query-input\":{\"@type\":\"PropertyValueSpecification\",\"valueRequired\":true,\"valueName\":\"search_term_string\"}}],\"inLanguage\":\"en-US\"},{\"@type\":\"Organization\",\"@id\":\"https:\/\/solecentrodeimagen.com\/#organization\",\"name\":\"Sole Centro de Imagen Integral\",\"url\":\"https:\/\/solecentrodeimagen.com\/\",\"logo\":{\"@type\":\"ImageObject\",\"inLanguage\":\"en-US\",\"@id\":\"https:\/\/solecentrodeimagen.com\/#\/schema\/logo\/image\/\",\"url\":\"https:\/\/solecentrodeimagen.com\/wp-content\/uploads\/2016\/06\/logo-solecentromedico.png\",\"contentUrl\":\"https:\/\/solecentrodeimagen.com\/wp-content\/uploads\/2016\/06\/logo-solecentromedico.png\",\"width\":281,\"height\":96,\"caption\":\"Sole Centro de Imagen Integral\"},\"image\":{\"@id\":\"https:\/\/solecentrodeimagen.com\/#\/schema\/logo\/image\/\"},\"sameAs\":[\"http:\/\/www.facebook.com\/solecentrodeimagen\",\"http:\/\/www.instagram.com\/solecentrodeimagen\"]}]}<\/script>\n<!-- \/ Yoast SEO plugin. -->","yoast_head_json":{"title":"Blog | Sole Centro de Imagen","robots":{"index":"index","follow":"follow","max-snippet":"max-snippet:-1","max-image-preview":"max-image-preview:large","max-video-preview":"max-video-preview:-1"},"canonical":"https:\/\/solecentrodeimagen.com\/en\/blog\/","og_locale":"en_US","og_type":"article","og_title":"Blog | Sole Centro de Imagen","og_url":"https:\/\/solecentrodeimagen.com\/en\/blog\/","og_site_name":"Sole Centro de Imagen","article_publisher":"http:\/\/www.facebook.com\/solecentrodeimagen","article_modified_time":"2017-03-10T17:44:55+00:00","og_image":[{"width":281,"height":96,"url":"https:\/\/solecentrodeimagen.com\/wp-content\/uploads\/2016\/06\/logo-solecentromedico.png","type":"image\/png"}],"twitter_card":"summary_large_image","twitter_misc":{"Est. reading time":"1 minute"},"schema":{"@context":"https:\/\/schema.org","@graph":[{"@type":"WebPage","@id":"https:\/\/solecentrodeimagen.com\/en\/blog\/","url":"https:\/\/solecentrodeimagen.com\/en\/blog\/","name":"Blog | Sole Centro de Imagen","isPartOf":{"@id":"https:\/\/solecentrodeimagen.com\/#website"},"datePublished":"2016-03-01T22:33:19+00:00","dateModified":"2017-03-10T17:44:55+00:00","description":"En nuestro blog te mostraremos toda la actualidad de nuestro, los mejores consejos de belleza y las \u00faltimas tendencias en looks de esta temporada","breadcrumb":{"@id":"https:\/\/solecentrodeimagen.com\/en\/blog\/#breadcrumb"},"inLanguage":"en-US","potentialAction":[{"@type":"ReadAction","target":["https:\/\/solecentrodeimagen.com\/en\/blog\/"]}]},{"@type":"BreadcrumbList","@id":"https:\/\/solecentrodeimagen.com\/en\/blog\/#breadcrumb","itemListElement":[{"@type":"ListItem","position":1,"name":"Home","item":"https:\/\/solecentrodeimagen.com\/"},{"@type":"ListItem","position":2,"name":"Blog"}]},{"@type":"WebSite","@id":"https:\/\/solecentrodeimagen.com\/#website","url":"https:\/\/solecentrodeimagen.com\/","name":"Sole Centro de Imagen","description":"Centro Medicina Est\u00e9tica, Dermatolog\u00eda y Est\u00e9tica avanzada","publisher":{"@id":"https:\/\/solecentrodeimagen.com\/#organization"},"potentialAction":[{"@type":"SearchAction","target":{"@type":"EntryPoint","urlTemplate":"https:\/\/solecentrodeimagen.com\/?s={search_term_string}"},"query-input":{"@type":"PropertyValueSpecification","valueRequired":true,"valueName":"search_term_string"}}],"inLanguage":"en-US"},{"@type":"Organization","@id":"https:\/\/solecentrodeimagen.com\/#organization","name":"Sole Centro de Imagen Integral","url":"https:\/\/solecentrodeimagen.com\/","logo":{"@type":"ImageObject","inLanguage":"en-US","@id":"https:\/\/solecentrodeimagen.com\/#\/schema\/logo\/image\/","url":"https:\/\/solecentrodeimagen.com\/wp-content\/uploads\/2016\/06\/logo-solecentromedico.png","contentUrl":"https:\/\/solecentrodeimagen.com\/wp-content\/uploads\/2016\/06\/logo-solecentromedico.png","width":281,"height":96,"caption":"Sole Centro de Imagen Integral"},"image":{"@id":"https:\/\/solecentrodeimagen.com\/#\/schema\/logo\/image\/"},"sameAs":["http:\/\/www.facebook.com\/solecentrodeimagen","http:\/\/www.instagram.com\/solecentrodeimagen"]}]}},"_links":{"self":[{"href":"https:\/\/solecentrodeimagen.com\/en\/wp-json\/wp\/v2\/pages\/9"}],"collection":[{"href":"https:\/\/solecentrodeimagen.com\/en\/wp-json\/wp\/v2\/pages"}],"about":[{"href":"https:\/\/solecentrodeimagen.com\/en\/wp-json\/wp\/v2\/types\/page"}],"author":[{"embeddable":true,"href":"https:\/\/solecentrodeimagen.com\/en\/wp-json\/wp\/v2\/users\/13"}],"replies":[{"embeddable":true,"href":"https:\/\/solecentrodeimagen.com\/en\/wp-json\/wp\/v2\/comments?post=9"}],"version-history":[{"count":0,"href":"https:\/\/solecentrodeimagen.com\/en\/wp-json\/wp\/v2\/pages\/9\/revisions"}],"wp:attachment":[{"href":"https:\/\/solecentrodeimagen.com\/en\/wp-json\/wp\/v2\/media?parent=9"}],"curies":[{"name":"wp","href":"https:\/\/api.w.org\/{rel}","templated":true}]}}